{"id":214,"date":"2024-09-10T16:39:25","date_gmt":"2024-09-10T15:39:25","guid":{"rendered":"https:\/\/tmd.lu\/?page_id=214"},"modified":"2025-12-08T06:18:44","modified_gmt":"2025-12-08T05:18:44","slug":"vmam","status":"publish","type":"page","link":"https:\/\/tmd.lu\/?page_id=214","title":{"rendered":"Vu M\u00e4nner a M\u00ebnschen"},"content":{"rendered":"\n<p class=\"has-text-align-center has-sitebg-background-color has-background\" style=\"font-size:60px\">Vu M\u00e4nner a M\u00ebnschen<\/p>\n\n\n\n<figure class=\"wp-block-image size-large\"><img loading=\"lazy\" decoding=\"async\" width=\"1024\" height=\"683\" src=\"https:\/\/tmd.lu\/wp-content\/uploads\/2025\/10\/Foto-vmam-site-5-1024x683.jpg\" alt=\"\" class=\"wp-image-4044\" srcset=\"https:\/\/tmd.lu\/wp-content\/uploads\/2025\/10\/Foto-vmam-site-5-1024x683.jpg 1024w, https:\/\/tmd.lu\/wp-content\/uploads\/2025\/10\/Foto-vmam-site-5-300x200.jpg 300w, https:\/\/tmd.lu\/wp-content\/uploads\/2025\/10\/Foto-vmam-site-5-768x512.jpg 768w, https:\/\/tmd.lu\/wp-content\/uploads\/2025\/10\/Foto-vmam-site-5-450x300.jpg 450w, https:\/\/tmd.lu\/wp-content\/uploads\/2025\/10\/Foto-vmam-site-5.jpg 1500w\" sizes=\"auto, (max-width: 1024px) 100vw, 1024px\" \/><\/figure>\n\n\n\n<p class=\"has-headings-color has-sitebg-background-color has-text-color has-background has-link-color wp-elements-8f6886417a0caa40b4e1c5315b27e33c\">Photo: Claude Piscitelli<\/p>\n\n\n\n<p class=\"has-sitebg-background-color has-background\" style=\"font-size:25px\">De Jak an de Charel k\u00e9inte m\u00e9i \u00ebnnerschiddlech net sinn. Vun hire Frae virun d\u2018Dier gesat, verbr\u00e9ngen se hiert neit Jonggesellenliewen zesummen an enger Wunngemeinschaft a ginn sech g\u00e9iges\u00e4iteg mat hire Gewunnechten op d\u2018Nerven.<br><br>Haut sch\u00e9ngt ee gudden Dag fir d\u00e9i zwee ze sinn. Si kr\u00e9ie Besuch vun der neier Nopesch d\u00e9i grad eragepl\u00ebnnert ass a sech mat hirer Kusin virstelle k\u00ebnnt. Ausserdeem mellt sech dem Charel seng prominent Tatta vun New York fir d\u2018Owendiessen un. Dat tr\u00ebfft sech gutt. Well d\u00e9i zwou Fraen d\u00e9i Tatta onbed\u00e9ngt w\u00eblle kenne l\u00e9ieren, sinn si averstanen och fir d\u2018Owendiessen ze bleiwen. De Jak an de Charel gesinn eng Chance op een neit Gl\u00e9ck an der L\u00e9ift.<br><br>Awer et k\u00ebnnt jo \u00ebmmer aneschters ew\u00e9i geplangt. Eng Katastroph reit sech un d\u00e9i aner an den Owend risk\u00e9iert an engem Desaster ze endegen.<br><br>&#8222;Vu M\u00e4nner a M\u00ebnschen&#8220;versetzt de Klassiker \u201eCharleys Tante&#8220; an d\u00e9i haiteg Z\u00e4it an h\u00eblt op eng witzeg Man\u00e9ier d\u00e9i aktuell Gender &#8211; Debatten an d&#8217;Leide vum moderne Mann an d&#8217;Vis\u00e9ier.<br><br>Et spillen: Guy Geimer, Roland Flenghi, Fabienne Frost, Vera Gadd\u00e9, Heintz Marcel, Chantal Nether, Sally Thill a Karin Goffinet.<br><br>Regie: Romain Pierrot assist\u00e9iert vum Patricia Breuer a Claude Leus.<br><br>B\u00fcnebild: Schadeck Anne<br><br>Kost\u00fcmer Sylvie Weis<br><br>B\u00fcnebau, Toun a Luucht an der Hand vun der technescher Equipe vum TMD<\/p>\n\n\n\n<p class=\"has-text-align-center has-sitebg-background-color has-background has-large-font-size\">W\u00e9i \u00ebmmer \u00ebnnert dem Motto :<br>Wien hei net laacht ass selwer schold!<\/p>\n\n\n\n<p class=\"has-text-align-center has-sitebg-background-color has-background\" style=\"font-size:25px\">Premi\u00e8re den 22. November 2025<br>Weider Virstellungen am November: 23. 28. 29. 30. <br>an am Dezember: 5. 6. 7. 12. 13. 14. 19. 20.<\/p>\n\n\n\n<p><\/p>\n\n\n\n<p><\/p>\n","protected":false},"excerpt":{"rendered":"<p>Vu M\u00e4nner a M\u00ebnschen Photo: Claude Piscitelli De Jak an de Charel k\u00e9inte m\u00e9i \u00ebnnerschiddlech net sinn. Vun hire Frae virun d\u2018Dier gesat, verbr\u00e9ngen se &hellip;<\/p>\n","protected":false},"author":4,"featured_media":0,"parent":0,"menu_order":0,"comment_status":"closed","ping_status":"closed","template":"","meta":{"footnotes":""},"class_list":["post-214","page","type-page","status-publish","hentry"],"_links":{"self":[{"href":"https:\/\/tmd.lu\/index.php?rest_route=\/wp\/v2\/pages\/214","targetHints":{"allow":["GET"]}}],"collection":[{"href":"https:\/\/tmd.lu\/index.php?rest_route=\/wp\/v2\/pages"}],"about":[{"href":"https:\/\/tmd.lu\/index.php?rest_route=\/wp\/v2\/types\/page"}],"author":[{"embeddable":true,"href":"https:\/\/tmd.lu\/index.php?rest_route=\/wp\/v2\/users\/4"}],"replies":[{"embeddable":true,"href":"https:\/\/tmd.lu\/index.php?rest_route=%2Fwp%2Fv2%2Fcomments&post=214"}],"version-history":[{"count":49,"href":"https:\/\/tmd.lu\/index.php?rest_route=\/wp\/v2\/pages\/214\/revisions"}],"predecessor-version":[{"id":4716,"href":"https:\/\/tmd.lu\/index.php?rest_route=\/wp\/v2\/pages\/214\/revisions\/4716"}],"wp:attachment":[{"href":"https:\/\/tmd.lu\/index.php?rest_route=%2Fwp%2Fv2%2Fmedia&parent=214"}],"curies":[{"name":"wp","href":"https:\/\/api.w.org\/{rel}","templated":true}]}}